{"id":2241,"date":"2018-04-23T09:51:54","date_gmt":"2018-04-23T07:51:54","guid":{"rendered":"http:\/\/stemarguerite.hotel-webdesign.com\/?page_id=2241"},"modified":"2025-04-21T11:43:56","modified_gmt":"2025-04-21T09:43:56","slug":"hebergements","status":"publish","type":"page","link":"https:\/\/www.ste-marguerite-sur-mer.fr\/de\/hebergements\/","title":{"rendered":"Unterk\u00fcnfte"},"content":{"rendered":"<p><div class=\"fusion-fullwidth fullwidth-box fusion-builder-row-1 nonhundred-percent-fullwidth non-hundred-percent-height-scrolling fusion-equal-height-columns\" style=\"background-color: rgba(255,255,255,0);background-position: center center;background-repeat: no-repeat;padding-top:0px;padding-right:30px;padding-bottom:0px;padding-left:30px;margin-bottom: 0px;margin-top: -40px;border-width: 0px 0px 0px 0px;border-color:#e7e4e2;border-style:solid;\" ><div class=\"fusion-builder-row fusion-row\"><div class=\"fusion-layout-column fusion_builder_column fusion-builder-column-0 fusion_builder_column_1_1 1_1 fusion-one-full fusion-column-first fusion-column-last\" style=\"margin-top:10px;margin-bottom:10px;\"><div class=\"fusion-column-wrapper fusion-flex-column-wrapper-legacy\" style=\"background-position:left top;background-repeat:no-repeat;-webkit-background-size:cover;-moz-background-size:cover;-o-background-size:cover;background-size:cover;padding: 0px 0px 0px 0px;\"><div class=\"fusion-column-content-centered\"><div class=\"fusion-column-content\"><div class=\"imageframe-align-center\"><span class=\"fusion-imageframe imageframe-none imageframe-1 hover-type-none fusion-animated\" id=\"blasoncentre\" data-animationtype=\"fadeInDown\" data-animationduration=\"0.3\" data-animationoffset=\"top-into-view\"><img decoding=\"async\" width=\"90\" height=\"99\" title=\"100X100 REWORDKED Blason_Sainte-Marguerite-sur-Mer - Kopie 2\" src=\"https:\/\/www.ste-marguerite-sur-mer.fr\/wp-content\/uploads\/2018\/04\/100X100-REWORDKED-Blason_Sainte-Marguerite-sur-Mer-copie-2.png\" alt class=\"img-responsive wp-image-1946\"\/><\/span><\/div><\/div><\/div><div class=\"fusion-clearfix\"><\/div><\/div><\/div><\/div><\/div>\n<div class=\"fusion-fullwidth fullwidth-box fusion-builder-row-2 nonhundred-percent-fullwidth non-hundred-percent-height-scrolling\" style=\"background-color: rgba(255,255,255,0);background-position: center center;background-repeat: no-repeat;padding-top:0px;padding-right:2%;padding-bottom:2%;padding-left:2%;margin-bottom: 0px;margin-top: 0px;border-width: 0px 0px 0px 0px;border-color:#e7e4e2;border-style:solid;\" ><div class=\"fusion-builder-row fusion-row\"><div class=\"fusion-layout-column fusion_builder_column fusion-builder-column-1 fusion_builder_column_1_1 1_1 fusion-one-full fusion-column-first fusion-column-last\" style=\"margin-top:10px;margin-bottom:10px;\"><div class=\"fusion-column-wrapper fusion-flex-column-wrapper-legacy\" style=\"background-position:left top;background-repeat:no-repeat;-webkit-background-size:cover;-moz-background-size:cover;-o-background-size:cover;background-size:cover;padding: 0px 3% 0px 0px;\"><div class=\"fusion-tabs fusion-tabs-1 classic vertical-tabs icon-position-left mobile-mode-accordion\"><style type=\"text\/css\">.fusion-tabs.fusion-tabs-1 .nav-tabs li a.tab-link{border-top-color:#edebea;background-color:#edebea;}.fusion-tabs.fusion-tabs-1 .nav-tabs{background-color:#ffffff;}.fusion-tabs.fusion-tabs-1 .nav-tabs li.active a.tab-link,.fusion-tabs.fusion-tabs-1 .nav-tabs li.active a.tab-link:hover,.fusion-tabs.fusion-tabs-1 .nav-tabs li.active a.tab-link:focus{border-right-color:#ffffff;}.fusion-tabs.fusion-tabs-1.classic .nav-tabs > li.active .tab-link, .fusion-tabs.fusion-tabs-1.classic .nav-tabs > li.active .tab-link:hover { border-color: #003d66;}.fusion-tabs.fusion-tabs-1 .nav-tabs li.active a.tab-link,.fusion-tabs.fusion-tabs-1 .nav-tabs li.active a.tab-link:hover,.fusion-tabs.fusion-tabs-1 .nav-tabs li.active a.tab-link:focus{background-color:#ffffff;}.fusion-tabs.fusion-tabs-1 .nav-tabs li a:hover{background-color:#ffffff;border-top-color:#ffffff;}.fusion-tabs.fusion-tabs-1 .tab-pane{background-color:#ffffff;}.fusion-tabs.fusion-tabs-1 .nav,.fusion-tabs.fusion-tabs-1 .nav-tabs,.fusion-tabs.fusion-tabs-1 .tab-content .tab-pane{border-color:#e5e0e0;}<\/style><div class=\"nav\"><ul class=\"nav-tabs\" role=\"tablist\"><li class=\"active\" role=\"presentation\"><a class=\"tab-link\" data-toggle=\"tab\" role=\"tab\" aria-controls=\"tab-e45548154d6a10c6dc6\" aria-selected=\"true\" id=\"fusion-tab-hebergements\" href=\"#tab-e45548154d6a10c6dc6\"><h4 class=\"fusion-tab-heading\"><i class=\"fontawesome-icon fa-home fas\" aria-hidden=\"true\" style=\"font-size:25px;\"><\/i>UNTERKUNFT<\/h4><\/a><\/li><li role=\"presentation\"><a class=\"tab-link\" data-toggle=\"tab\" role=\"tab\" aria-controls=\"tab-eb44c82059dac6913c3\" aria-selected=\"false\" tabindex=\"-1\" id=\"fusion-tab-chambred\u2019h\u00f4tes\u00abventd\u2019ouest\u00bb\" href=\"#tab-eb44c82059dac6913c3\"><h4 class=\"fusion-tab-heading\"><i class=\"fontawesome-icon fa fa-home\" aria-hidden=\"true\" style=\"font-size:25px;\"><\/i>Gast \" Vent d'Ouest \" (Westwind) <\/h4><\/a><\/li><li role=\"presentation\"><a class=\"tab-link\" data-toggle=\"tab\" role=\"tab\" aria-controls=\"tab-620f9ee95cab9c50b7a\" aria-selected=\"false\" tabindex=\"-1\" id=\"fusion-tab-g\u00eetelescolombines\" href=\"#tab-620f9ee95cab9c50b7a\"><h4 class=\"fusion-tab-heading\"><i class=\"fontawesome-icon fa-tree fas\" aria-hidden=\"true\" style=\"font-size:25px;\"><\/i>Ferienhaus les Colombines<\/h4><\/a><\/li><li role=\"presentation\"><a class=\"tab-link\" data-toggle=\"tab\" role=\"tab\" aria-controls=\"tab-0c1f1fb7e14ccea8535\" aria-selected=\"false\" tabindex=\"-1\" id=\"fusion-tab-h\u00f4tesm.rivault\" href=\"#tab-0c1f1fb7e14ccea8535\"><h4 class=\"fusion-tab-heading\"><i class=\"fontawesome-icon fa-home fas\" aria-hidden=\"true\" style=\"font-size:25px;\"><\/i>Gastgeber M. RIVAULT<\/h4><\/a><\/li><li role=\"presentation\"><a class=\"tab-link\" data-toggle=\"tab\" role=\"tab\" aria-controls=\"tab-bba33a99a6016cc26f2\" aria-selected=\"false\" tabindex=\"-1\" id=\"fusion-tab-lamaisonde&lt;br\/&gt;ste-marguerite-sur-mer\" href=\"#tab-bba33a99a6016cc26f2\"><h4 class=\"fusion-tab-heading\"><i class=\"fontawesome-icon fa-home fas\" aria-hidden=\"true\" style=\"font-size:25px;\"><\/i>Das Haus von<br \/>\nSte-Marguerite-sur-Mer<\/h4><\/a><\/li><li role=\"presentation\"><a class=\"tab-link\" data-toggle=\"tab\" role=\"tab\" aria-controls=\"tab-9dab43b3381a55d0cf4\" aria-selected=\"false\" tabindex=\"-1\" id=\"fusion-tab-lecasteld&#039;ailly\" href=\"#tab-9dab43b3381a55d0cf4\"><h4 class=\"fusion-tab-heading\"><i class=\"fontawesome-icon fa fa-university\" aria-hidden=\"true\" style=\"font-size:25px;\"><\/i>Das CASTEL D'AILLY<\/h4><\/a><\/li><li role=\"presentation\"><a class=\"tab-link\" data-toggle=\"tab\" role=\"tab\" aria-controls=\"tab-56e4082308aa4e470e2\" aria-selected=\"false\" tabindex=\"-1\" id=\"fusion-tab-maisonlesbruy\u00e8res\" href=\"#tab-56e4082308aa4e470e2\"><h4 class=\"fusion-tab-heading\"><i class=\"fontawesome-icon fa-home fas\" aria-hidden=\"true\" style=\"font-size:25px;\"><\/i>Haus Les Bruy\u00e8res<\/h4><\/a><\/li><li role=\"presentation\"><a class=\"tab-link\" data-toggle=\"tab\" role=\"tab\" aria-controls=\"tab-58c14878bb01c68d820\" aria-selected=\"false\" tabindex=\"-1\" id=\"fusion-tab-villachante-brise\" href=\"#tab-58c14878bb01c68d820\"><h4 class=\"fusion-tab-heading\"><i class=\"fontawesome-icon fa-home fas\" aria-hidden=\"true\" style=\"font-size:25px;\"><\/i>Villa CHANTE-BRISE<\/h4><\/a><\/li><li role=\"presentation\"><a class=\"tab-link\" data-toggle=\"tab\" role=\"tab\" aria-controls=\"tab-3cc1b7a1c2b68b12018\" aria-selected=\"false\" tabindex=\"-1\" id=\"fusion-tab-hotelrestaurantlaterrasse\" href=\"#tab-3cc1b7a1c2b68b12018\"><h4 class=\"fusion-tab-heading\"><i class=\"fontawesome-icon fa fa-suitcase\" aria-hidden=\"true\" style=\"font-size:25px;\"><\/i>Hotel Restaurant La Terrasse<\/h4><\/a><\/li><li role=\"presentation\"><a class=\"tab-link\" data-toggle=\"tab\" role=\"tab\" aria-controls=\"tab-2f113efee76049fc410\" aria-selected=\"false\" tabindex=\"-1\" id=\"fusion-tab-fen\u00catressurmer\" href=\"#tab-2f113efee76049fc410\"><h4 class=\"fusion-tab-heading\"><i class=\"fontawesome-icon fa fa-paper-plane\" aria-hidden=\"true\" style=\"font-size:25px;\"><\/i>FENSTER ZUM MEER<\/h4><\/a><\/li><li role=\"presentation\"><a class=\"tab-link\" data-toggle=\"tab\" role=\"tab\" aria-controls=\"tab-06ea0f3c237888a6f0c\" aria-selected=\"false\" tabindex=\"-1\" id=\"fusion-tab-lesg\u00eetesd&#039;emilie\" href=\"#tab-06ea0f3c237888a6f0c\"><h4 class=\"fusion-tab-heading\"><i class=\"fontawesome-icon fa fa-female\" aria-hidden=\"true\" style=\"font-size:25px;\"><\/i>Les G\u00eetes d'Emilie<\/h4><\/a><\/li><li role=\"presentation\"><a class=\"tab-link\" data-toggle=\"tab\" role=\"tab\" aria-controls=\"tab-aa2ae7dbf0eff50dd0d\" aria-selected=\"false\" tabindex=\"-1\" id=\"fusion-tab-lelodgedubayou\" href=\"#tab-aa2ae7dbf0eff50dd0d\"><h4 class=\"fusion-tab-heading\"><i class=\"fontawesome-icon fa-home fas\" aria-hidden=\"true\" style=\"font-size:25px;\"><\/i>Die Bayou-Lodge<\/h4><\/a><\/li><\/ul><\/div><div class=\"tab-content\"><div class=\"nav fusion-mobile-tab-nav\"><ul class=\"nav-tabs\" role=\"tablist\"><li class=\"active\" role=\"presentation\"><a class=\"tab-link\" data-toggle=\"tab\" role=\"tab\" aria-controls=\"tab-e45548154d6a10c6dc6\" aria-selected=\"true\" id=\"mobile-fusion-tab-hebergements\" href=\"#tab-e45548154d6a10c6dc6\"><h4 class=\"fusion-tab-heading\"><i class=\"fontawesome-icon fa-home fas\" aria-hidden=\"true\" style=\"font-size:25px;\"><\/i>UNTERKUNFT<\/h4><\/a><\/li><\/ul><\/div><div class=\"tab-pane fade fusion-clearfix in active\" role=\"tabpanel\" tabindex=\"0\" aria-labelledby=\"fusion-tab-hebergements\" id=\"tab-e45548154d6a10c6dc6\">\n<h3 style=\"text-align: center;\">Finden Sie in diesem Abschnitt eine Auswahl an Ferienh\u00e4usern und G\u00e4stezimmern auf<br \/>\nSainte Marguerite sur Mer<\/h3>\n<p style=\"text-align: center;\">W\u00e4hlen Sie eine Unterkunft mit den Tabs auf der linken Seite aus<\/p>\n<p><img decoding=\"async\" class=\"wp-image-2372 aligncenter\" src=\"https:\/\/www.ste-marguerite-sur-mer.fr\/wp-content\/uploads\/2018\/04\/window-2808352_960_720-1.jpg\" alt=\"\" width=\"661\" height=\"434\" srcset=\"https:\/\/www.ste-marguerite-sur-mer.fr\/wp-content\/uploads\/2018\/04\/window-2808352_960_720-1-200x131.jpg 200w, https:\/\/www.ste-marguerite-sur-mer.fr\/wp-content\/uploads\/2018\/04\/window-2808352_960_720-1-300x197.jpg 300w, https:\/\/www.ste-marguerite-sur-mer.fr\/wp-content\/uploads\/2018\/04\/window-2808352_960_720-1-400x263.jpg 400w, https:\/\/www.ste-marguerite-sur-mer.fr\/wp-content\/uploads\/2018\/04\/window-2808352_960_720-1-600x394.jpg 600w, https:\/\/www.ste-marguerite-sur-mer.fr\/wp-content\/uploads\/2018\/04\/window-2808352_960_720-1-768x505.jpg 768w, https:\/\/www.ste-marguerite-sur-mer.fr\/wp-content\/uploads\/2018\/04\/window-2808352_960_720-1-800x526.jpg 800w, https:\/\/www.ste-marguerite-sur-mer.fr\/wp-content\/uploads\/2018\/04\/window-2808352_960_720-1.jpg 957w\" sizes=\"(max-width: 661px) 100vw, 661px\" \/><\/p>\n<\/div><div class=\"nav fusion-mobile-tab-nav\"><ul class=\"nav-tabs\" role=\"tablist\"><li role=\"presentation\"><a class=\"tab-link\" data-toggle=\"tab\" role=\"tab\" aria-controls=\"tab-eb44c82059dac6913c3\" aria-selected=\"false\" tabindex=\"-1\" id=\"mobile-fusion-tab-chambred\u2019h\u00f4tes\u00abventd\u2019ouest\u00bb\" href=\"#tab-eb44c82059dac6913c3\"><h4 class=\"fusion-tab-heading\"><i class=\"fontawesome-icon fa fa-home\" aria-hidden=\"true\" style=\"font-size:25px;\"><\/i>Gast \" Vent d'Ouest \" (Westwind) <\/h4><\/a><\/li><\/ul><\/div><div class=\"tab-pane fade fusion-clearfix\" role=\"tabpanel\" tabindex=\"0\" aria-labelledby=\"fusion-tab-chambred\u2019h\u00f4tes\u00abventd\u2019ouest\u00bb\" id=\"tab-eb44c82059dac6913c3\">\n<h2 style=\"text-align: left;\" align=\"justify\"><b>G\u00e4stezimmer \"Vent d'Ouest\" in Vasterival<\/b><\/h2>\n<p>Ihr Zimmer mit separatem Eingang befindet sich auf einem ruhigen, vollst\u00e4ndig eingez\u00e4unten Grundst\u00fcck.<\/p>\n<p><img decoding=\"async\" class=\"borderbleuimg alignright wp-image-2870 size-full\" src=\"https:\/\/www.ste-marguerite-sur-mer.fr\/wp-content\/uploads\/2018\/06\/download-5.jpg\" alt=\"\" width=\"290\" height=\"174\" srcset=\"https:\/\/www.ste-marguerite-sur-mer.fr\/wp-content\/uploads\/2018\/06\/download-5-200x120.jpg 200w, https:\/\/www.ste-marguerite-sur-mer.fr\/wp-content\/uploads\/2018\/06\/download-5.jpg 290w\" sizes=\"(max-width: 290px) 100vw, 290px\" \/><\/p>\n<p>10 Minuten vom Strand entfernt, zu Fu\u00df.<\/p>\n<p>Sie verf\u00fcgen \u00fcber ein eigenes Badezimmer, das mit Ihrem Zimmer verbunden ist, sowie \u00fcber einen Raum<\/p>\n<p>Das Fr\u00fchst\u00fcck ist hausgemacht und kann von Ihnen selbst zubereitet werden. Es wird Ihnen auf der Terrasse oder im Speisesaal serviert.<\/p>\n<p><strong>Website<\/strong> : Ein wunderbarer Ort - G\u00e4stezimmer in Vasterival<\/p>\n<p><strong>Tel<\/strong> : 06 12 62 91 81<\/p>\n<p><strong>E-Mail<\/strong> :\u00a0<a href=\"mailto:sejourvasterival@orange.fr\">sejourvasterival@orange.fr<\/a><\/p>\n<\/div><div class=\"nav fusion-mobile-tab-nav\"><ul class=\"nav-tabs\" role=\"tablist\"><li role=\"presentation\"><a class=\"tab-link\" data-toggle=\"tab\" role=\"tab\" aria-controls=\"tab-620f9ee95cab9c50b7a\" aria-selected=\"false\" tabindex=\"-1\" id=\"mobile-fusion-tab-g\u00eetelescolombines\" href=\"#tab-620f9ee95cab9c50b7a\"><h4 class=\"fusion-tab-heading\"><i class=\"fontawesome-icon fa-tree fas\" aria-hidden=\"true\" style=\"font-size:25px;\"><\/i>Ferienhaus les Colombines<\/h4><\/a><\/li><\/ul><\/div><div class=\"tab-pane fade fusion-clearfix\" role=\"tabpanel\" tabindex=\"0\" aria-labelledby=\"fusion-tab-g\u00eetelescolombines\" id=\"tab-620f9ee95cab9c50b7a\"><img decoding=\"async\" class=\"wp-image-3500 alignleft\" src=\"https:\/\/www.ste-marguerite-sur-mer.fr\/wp-content\/uploads\/2020\/10\/exterieur-top-1024x682.jpg\" alt=\"\" width=\"287\" height=\"192\" srcset=\"https:\/\/www.ste-marguerite-sur-mer.fr\/wp-content\/uploads\/2020\/10\/exterieur-top-200x133.jpg 200w, https:\/\/www.ste-marguerite-sur-mer.fr\/wp-content\/uploads\/2020\/10\/exterieur-top-300x200.jpg 300w, https:\/\/www.ste-marguerite-sur-mer.fr\/wp-content\/uploads\/2020\/10\/exterieur-top-400x267.jpg 400w, https:\/\/www.ste-marguerite-sur-mer.fr\/wp-content\/uploads\/2020\/10\/exterieur-top-600x400.jpg 600w, https:\/\/www.ste-marguerite-sur-mer.fr\/wp-content\/uploads\/2020\/10\/exterieur-top-768x512.jpg 768w, https:\/\/www.ste-marguerite-sur-mer.fr\/wp-content\/uploads\/2020\/10\/exterieur-top-800x533.jpg 800w, https:\/\/www.ste-marguerite-sur-mer.fr\/wp-content\/uploads\/2020\/10\/exterieur-top-1024x682.jpg 1024w, https:\/\/www.ste-marguerite-sur-mer.fr\/wp-content\/uploads\/2020\/10\/exterieur-top-1200x800.jpg 1200w, https:\/\/www.ste-marguerite-sur-mer.fr\/wp-content\/uploads\/2020\/10\/exterieur-top-1536x1024.jpg 1536w\" sizes=\"(max-width: 287px) 100vw, 287px\" \/><\/p>\n<p><strong>L<\/strong><span style=\"font-weight: 400;\"><strong>es Colombines<\/strong>: Dieses normannische Haus befindet sich auf den Anh\u00f6hen von Vasterival in Sainte-Marguerite. Das Haus \u00fcberragt das darunter liegende Tal und bietet einen Blick auf das Meer.<\/span><\/p>\n<p><span style=\"font-weight: 400;\">Gro\u00dfes, renoviertes und eingerichtetes Haus mit hochwertiger Ausstattung. Entdecken Sie dieses <a href=\"https:\/\/www.location-normandie.net\/\" target=\"_blank\" rel=\"noopener noreferrer\">Ferienhaus in Normandie<\/a><\/span><\/p>\n<p><span style=\"font-weight: 400;\">Kontakt und Buchung auf der Website: <a href=\"https:\/\/www.location-normandie.net\/\">Ferienunterk\u00fcnfte in normandie<\/a><\/span><\/p>\n<p><span style=\"font-weight: 400;\">Website : <\/span><span style=\"font-weight: 400;\"><a href=\"https:\/\/www.location-normandie.net\/\" target=\"_blank\" rel=\"noopener noreferrer\">https:\/\/www.location-normandie.net\/<\/a><\/span><\/div><div class=\"nav fusion-mobile-tab-nav\"><ul class=\"nav-tabs\" role=\"tablist\"><li role=\"presentation\"><a class=\"tab-link\" data-toggle=\"tab\" role=\"tab\" aria-controls=\"tab-0c1f1fb7e14ccea8535\" aria-selected=\"false\" tabindex=\"-1\" id=\"mobile-fusion-tab-h\u00f4tesm.rivault\" href=\"#tab-0c1f1fb7e14ccea8535\"><h4 class=\"fusion-tab-heading\"><i class=\"fontawesome-icon fa-home fas\" aria-hidden=\"true\" style=\"font-size:25px;\"><\/i>Gastgeber M. RIVAULT<\/h4><\/a><\/li><\/ul><\/div><div class=\"tab-pane fade fusion-clearfix\" role=\"tabpanel\" tabindex=\"0\" aria-labelledby=\"fusion-tab-h\u00f4tesm.rivault\" id=\"tab-0c1f1fb7e14ccea8535\">\n<h2 align=\"justify\"><b>G\u00e4stezimmer M. RIVAULT<\/b><\/h2>\n<p><img decoding=\"async\" class=\"borderbleuimg alignright wp-image-2871 size-medium\" src=\"https:\/\/www.ste-marguerite-sur-mer.fr\/wp-content\/uploads\/2018\/06\/7392_318862-300x223.jpg\" alt=\"\" width=\"300\" height=\"223\" srcset=\"https:\/\/www.ste-marguerite-sur-mer.fr\/wp-content\/uploads\/2018\/06\/7392_318862-200x149.jpg 200w, https:\/\/www.ste-marguerite-sur-mer.fr\/wp-content\/uploads\/2018\/06\/7392_318862-300x223.jpg 300w, https:\/\/www.ste-marguerite-sur-mer.fr\/wp-content\/uploads\/2018\/06\/7392_318862-400x297.jpg 400w, https:\/\/www.ste-marguerite-sur-mer.fr\/wp-content\/uploads\/2018\/06\/7392_318862-600x446.jpg 600w, https:\/\/www.ste-marguerite-sur-mer.fr\/wp-content\/uploads\/2018\/06\/7392_318862-768x571.jpg 768w, https:\/\/www.ste-marguerite-sur-mer.fr\/wp-content\/uploads\/2018\/06\/7392_318862-800x595.jpg 800w, https:\/\/www.ste-marguerite-sur-mer.fr\/wp-content\/uploads\/2018\/06\/7392_318862.jpg 993w\" sizes=\"(max-width: 300px) 100vw, 300px\" \/><\/p>\n<p><strong>Das ganze Jahr \u00fcber ge\u00f6ffnet<\/strong><br \/>In einem separaten Haus \u00fcbernachten Sie in einem komfortabel eingerichteten Doppelzimmer f\u00fcr 2 bis 4 Personen.<br \/>An sch\u00f6nen Tagen kann das Fr\u00fchst\u00fcck im Garten auf einer privaten Terrasse serviert werden. Internetzugang<\/p>\n<p>Herr RIVAULT<\/p>\n<p>119 chemin Sous les Bruy\u00e8res76119 Sainte Marguerite-sur-mer<\/p>\n<p><strong>Tel<\/strong> : 06 09 66 23 49<\/p>\n<p><strong>E-Mail<\/strong> : souslesbruyeres@wanadoo.fr<\/p>\n<p><strong>Website<\/strong> :\u00a0<a href=\"http:\/\/souslesbruyeres.monsite.orange.fr\">http:\/\/souslesbruyeres.monsite.orange.fr<\/a><\/p>\n<\/div><div class=\"nav fusion-mobile-tab-nav\"><ul class=\"nav-tabs\" role=\"tablist\"><li role=\"presentation\"><a class=\"tab-link\" data-toggle=\"tab\" role=\"tab\" aria-controls=\"tab-bba33a99a6016cc26f2\" aria-selected=\"false\" tabindex=\"-1\" id=\"mobile-fusion-tab-lamaisonde&lt;br\/&gt;ste-marguerite-sur-mer\" href=\"#tab-bba33a99a6016cc26f2\"><h4 class=\"fusion-tab-heading\"><i class=\"fontawesome-icon fa-home fas\" aria-hidden=\"true\" style=\"font-size:25px;\"><\/i>Das Haus von<br \/>\nSte-Marguerite-sur-Mer<\/h4><\/a><\/li><\/ul><\/div><div class=\"tab-pane fade fusion-clearfix\" role=\"tabpanel\" tabindex=\"0\" aria-labelledby=\"fusion-tab-lamaisonde&lt;br\/&gt;ste-marguerite-sur-mer\" id=\"tab-bba33a99a6016cc26f2\">\n<h2 align=\"justify\"><b>Das Haus in Sainte Marguerite sur Mer<\/b><\/h2>\n<p>Ruhe, Erholung, Entspannung f\u00fcr Sie, Ihre Familie und Ihre Tiere auf einem Hektar Gr\u00fcnfl\u00e4che in der N\u00e4he des Meeres. (M\u00f6glichkeit der Unterbringung eines Pferdes, Unterstand, 5000m\u00b2 Gr\u00fcnfl\u00e4che).Das Haus bietet 7 Schlafpl\u00e4tze (davon 2 Doppelbetten).<\/p>\n<p>Das Haus in Sainte-Marguerite sur mer<br \/>\nCabot Jacky,<br \/>\n237 chemin des Eclopards, le haut de Blancmesnil,<br \/>\n76119 Sainte-Marguerite sur Mer<\/p>\n<p><strong>Tel<\/strong>.: 06.68.23.46.61 oder 02.35.82.91.39<\/p>\n<p><strong>E-Mail<\/strong> :\u00a0<a href=\"mailto:jacky.cabot@laposte.net\">jacky.cabot@laposte.net<\/a><\/p>\n<p><strong>Website<\/strong> :\u00a0<a href=\"http:\/\/comptoirdeloptique.fr\/stemarmaison.htm\" target=\"_blank\" rel=\"noopener noreferrer\">http:\/\/comptoirdeloptique.fr\/stemarmaison.htm<\/a><\/p>\n<\/div><div class=\"nav fusion-mobile-tab-nav\"><ul class=\"nav-tabs\" role=\"tablist\"><li role=\"presentation\"><a class=\"tab-link\" data-toggle=\"tab\" role=\"tab\" aria-controls=\"tab-9dab43b3381a55d0cf4\" aria-selected=\"false\" tabindex=\"-1\" id=\"mobile-fusion-tab-lecasteld&#039;ailly\" href=\"#tab-9dab43b3381a55d0cf4\"><h4 class=\"fusion-tab-heading\"><i class=\"fontawesome-icon fa fa-university\" aria-hidden=\"true\" style=\"font-size:25px;\"><\/i>Das CASTEL D'AILLY<\/h4><\/a><\/li><\/ul><\/div><div class=\"tab-pane fade fusion-clearfix\" role=\"tabpanel\" tabindex=\"0\" aria-labelledby=\"fusion-tab-lecasteld&#039;ailly\" id=\"tab-9dab43b3381a55d0cf4\">\n<h2 align=\"justify\"><b>Das CASTEL D'AILLY<\/b><\/h2>\n<p>Das Castel d'Ailly liegt im Herzen des Dorfes und bietet mit seinem bewaldeten Park und seinen zahlreichen Aktivit\u00e4ten eine angenehme Zeit der Entspannung.<\/p>\n<p><img decoding=\"async\" class=\"borderbleuimg alignright wp-image-2873 size-full\" src=\"https:\/\/www.ste-marguerite-sur-mer.fr\/wp-content\/uploads\/2018\/06\/download-7.jpg\" alt=\"\" width=\"220\" height=\"229\" srcset=\"https:\/\/www.ste-marguerite-sur-mer.fr\/wp-content\/uploads\/2018\/06\/download-7-200x208.jpg 200w, https:\/\/www.ste-marguerite-sur-mer.fr\/wp-content\/uploads\/2018\/06\/download-7.jpg 220w\" sizes=\"(max-width: 220px) 100vw, 220px\" \/><\/p>\n<p>F\u00fcr Ihre Familien- oder Betriebsversammlungen, Gruppenpraktika oder Seminare bietet Ihnen das Castel d'Ailly eine Unterkunft mit Aufenthaltsraum, in dem Sie sich entspannen k\u00f6nnen.<\/p>\n<p>Rezeption, professionelle K\u00fcche und 18 Zimmer mit einer Kapazit\u00e4t von 40 Schlafpl\u00e4tzen.<\/p>\n<p>Ausk\u00fcnfte : Le Castel d'Ailly<br \/>\nHerr &amp; Frau NEMERY<br \/>\n2180 route de la Mer<br \/>\n76119 Sainte Marguerite sur Mer<\/p>\n<p><strong>Tel<\/strong>. : 02 35 83 46 11<\/p>\n<p><strong>E-Mail<\/strong> :\u00a0<a href=\"mailto:contact@lecasteldailly.fr\">contact@lecasteldailly.fr<\/a><\/p>\n<p><strong>Website<\/strong> :\u00a0<a href=\"http:\/\/www.lecasteldailly.fr\/\" target=\"_blank\" rel=\"noopener noreferrer\">http:\/\/www.lecasteldailly.fr<\/a><\/p>\n<\/div><div class=\"nav fusion-mobile-tab-nav\"><ul class=\"nav-tabs\" role=\"tablist\"><li role=\"presentation\"><a class=\"tab-link\" data-toggle=\"tab\" role=\"tab\" aria-controls=\"tab-56e4082308aa4e470e2\" aria-selected=\"false\" tabindex=\"-1\" id=\"mobile-fusion-tab-maisonlesbruy\u00e8res\" href=\"#tab-56e4082308aa4e470e2\"><h4 class=\"fusion-tab-heading\"><i class=\"fontawesome-icon fa-home fas\" aria-hidden=\"true\" style=\"font-size:25px;\"><\/i>Haus Les Bruy\u00e8res<\/h4><\/a><\/li><\/ul><\/div><div class=\"tab-pane fade fusion-clearfix\" role=\"tabpanel\" tabindex=\"0\" aria-labelledby=\"fusion-tab-maisonlesbruy\u00e8res\" id=\"tab-56e4082308aa4e470e2\">\n<h2 align=\"justify\"><b>Haus zu vermieten<\/b><\/h2>\n<p><img decoding=\"async\" class=\"alignright\" src=\"https:\/\/www.ste-marguerite-sur-mer.fr\/wp-content\/uploads\/2023\/06\/jochem-1024x734.jpg\" width=\"227\" height=\"163\" \/><\/p>\n<p>Les Bruy\u00e8res, Ferienhaus zu vermieten (w\u00f6chentlich oder mindestens 3 N\u00e4chte).<\/p>\n<p>Ebenerdiges Haus, nicht isoliert, in ruhiger Lage am Waldrand.<\/p>\n<p>3 Schlafzimmer - 6 Schlafpl\u00e4tze<br \/>Kamin - eingez\u00e4unter Garten<br \/>Weitere Informationen auf der abritel-Website: https:\/\/www.abritel.fr\/location-vacances\/p668419<\/p>\n<p><strong>Auskunft<\/strong> : 06 85 45 00 89<\/p>\n<p><strong>E-Mail<\/strong> :\u00a0<a href=\"mailto:catherine.jochem@hotmail.fr\">catherine.jochem@hotmail.fr<\/a><\/p>\n<\/div><div class=\"nav fusion-mobile-tab-nav\"><ul class=\"nav-tabs\" role=\"tablist\"><li role=\"presentation\"><a class=\"tab-link\" data-toggle=\"tab\" role=\"tab\" aria-controls=\"tab-58c14878bb01c68d820\" aria-selected=\"false\" tabindex=\"-1\" id=\"mobile-fusion-tab-villachante-brise\" href=\"#tab-58c14878bb01c68d820\"><h4 class=\"fusion-tab-heading\"><i class=\"fontawesome-icon fa-home fas\" aria-hidden=\"true\" style=\"font-size:25px;\"><\/i>Villa CHANTE-BRISE<\/h4><\/a><\/li><\/ul><\/div><div class=\"tab-pane fade fusion-clearfix\" role=\"tabpanel\" tabindex=\"0\" aria-labelledby=\"fusion-tab-villachante-brise\" id=\"tab-58c14878bb01c68d820\">\n<h2 align=\"justify\"><b>Villa CHANTE-BRISE<\/b><\/h2>\n<p>10 km von Dieppe entfernt, in der N\u00e4he von Varengeville, \u00fcberragt die Villa Chante-Brise die Str\u00e4nde von Ste Marguerite sur Mer und Quiberville. Auf einem baumbestandenen Garten mit Blick auf das Meer bietet sie Ihnen ein au\u00dfergew\u00f6hnliches Panorama auf die Klippen und die Weiden. Dieses 160 m2 gro\u00dfe Haus wurde komplett in einem authentischen und herzlichen Geist renoviert und wird Ihr bevorzugter Ort f\u00fcr einen Urlaub im Herzen der Alabasterk\u00fcste sein.<\/p>\n<p><img decoding=\"async\" class=\"size-full wp-image-2875 alignright\" src=\"https:\/\/www.ste-marguerite-sur-mer.fr\/wp-content\/uploads\/2018\/06\/download-9.jpg\" alt=\"\" width=\"251\" height=\"201\" srcset=\"https:\/\/www.ste-marguerite-sur-mer.fr\/wp-content\/uploads\/2018\/06\/download-9-177x142.jpg 177w, https:\/\/www.ste-marguerite-sur-mer.fr\/wp-content\/uploads\/2018\/06\/download-9-200x160.jpg 200w, https:\/\/www.ste-marguerite-sur-mer.fr\/wp-content\/uploads\/2018\/06\/download-9.jpg 251w\" sizes=\"(max-width: 251px) 100vw, 251px\" \/><\/p>\n<p>Das Meer erreichen Sie zu Fu\u00df \u00fcber einen kleinen Pfad in 10 Minuten.<\/p>\n<p>Nathalie und Philippe empfangen Sie das ganze Jahr \u00fcber mit Lebensfreude und Geselligkeit.<\/p>\n<p><strong>Tel<\/strong> : +33 2 35 40 32 48<br \/>\n<strong>Port<\/strong> : +33 6 70 29 83 38<strong>Blog<\/strong> :\u00a0<a href=\"http:\/\/cotealbatre.blogspot.com\/\" target=\"_blank\" rel=\"noopener noreferrer\">http:\/\/cotealbatre.blogspot.com<\/a><\/p>\n<p><strong>E-Mail<\/strong> :\u00a0<a href=\"mailto:contact@villachantebrise.fr\">contact@villachantebrise.fr<\/a><\/p>\n<p><strong>Website<\/strong> :\u00a0<a href=\"http:\/\/www.villachantebrise.fr\/\" target=\"_blank\" rel=\"noopener noreferrer\">http:\/\/www.villachantebrise.fr<\/a><\/p>\n<\/div><div class=\"nav fusion-mobile-tab-nav\"><ul class=\"nav-tabs\" role=\"tablist\"><li role=\"presentation\"><a class=\"tab-link\" data-toggle=\"tab\" role=\"tab\" aria-controls=\"tab-3cc1b7a1c2b68b12018\" aria-selected=\"false\" tabindex=\"-1\" id=\"mobile-fusion-tab-hotelrestaurantlaterrasse\" href=\"#tab-3cc1b7a1c2b68b12018\"><h4 class=\"fusion-tab-heading\"><i class=\"fontawesome-icon fa fa-suitcase\" aria-hidden=\"true\" style=\"font-size:25px;\"><\/i>Hotel Restaurant La Terrasse<\/h4><\/a><\/li><\/ul><\/div><div class=\"tab-pane fade fusion-clearfix\" role=\"tabpanel\" tabindex=\"0\" aria-labelledby=\"fusion-tab-hotelrestaurantlaterrasse\" id=\"tab-3cc1b7a1c2b68b12018\">\n<h2 align=\"justify\"><b>Hotel Restaurant la Terrasse<\/b><\/h2>\n<p><img decoding=\"async\" class=\"borderbleuimg alignright wp-image-2373\" src=\"https:\/\/www.ste-marguerite-sur-mer.fr\/wp-content\/uploads\/2018\/04\/201606281632401-1024x647.jpg\" alt=\"\" width=\"362\" height=\"229\" srcset=\"https:\/\/www.ste-marguerite-sur-mer.fr\/wp-content\/uploads\/2018\/04\/201606281632401-200x126.jpg 200w, https:\/\/www.ste-marguerite-sur-mer.fr\/wp-content\/uploads\/2018\/04\/201606281632401-300x189.jpg 300w, https:\/\/www.ste-marguerite-sur-mer.fr\/wp-content\/uploads\/2018\/04\/201606281632401-320x202.jpg 320w, https:\/\/www.ste-marguerite-sur-mer.fr\/wp-content\/uploads\/2018\/04\/201606281632401-400x253.jpg 400w, https:\/\/www.ste-marguerite-sur-mer.fr\/wp-content\/uploads\/2018\/04\/201606281632401-600x379.jpg 600w, https:\/\/www.ste-marguerite-sur-mer.fr\/wp-content\/uploads\/2018\/04\/201606281632401-700x441.jpg 700w, https:\/\/www.ste-marguerite-sur-mer.fr\/wp-content\/uploads\/2018\/04\/201606281632401-768x485.jpg 768w, https:\/\/www.ste-marguerite-sur-mer.fr\/wp-content\/uploads\/2018\/04\/201606281632401-800x505.jpg 800w, https:\/\/www.ste-marguerite-sur-mer.fr\/wp-content\/uploads\/2018\/04\/201606281632401-1024x647.jpg 1024w, https:\/\/www.ste-marguerite-sur-mer.fr\/wp-content\/uploads\/2018\/04\/201606281632401-1200x758.jpg 1200w, https:\/\/www.ste-marguerite-sur-mer.fr\/wp-content\/uploads\/2018\/04\/201606281632401.jpg 1900w\" sizes=\"(max-width: 362px) 100vw, 362px\" \/><\/p>\n<p>Das in Vasterival gelegene Hotel und Restaurant La Terrasse bietet eine 3*-Hotelleistung mit Blick auf die Bucht.<\/p>\n<p><strong>Tel<\/strong> : +33\u00a002 35 85 12 54<\/p>\n<p><strong>Website<\/strong> : http:\/\/www.hotel-restaurant-la-terrasse.com<\/p>\n<\/div><div class=\"nav fusion-mobile-tab-nav\"><ul class=\"nav-tabs\" role=\"tablist\"><li role=\"presentation\"><a class=\"tab-link\" data-toggle=\"tab\" role=\"tab\" aria-controls=\"tab-2f113efee76049fc410\" aria-selected=\"false\" tabindex=\"-1\" id=\"mobile-fusion-tab-fen\u00catressurmer\" href=\"#tab-2f113efee76049fc410\"><h4 class=\"fusion-tab-heading\"><i class=\"fontawesome-icon fa fa-paper-plane\" aria-hidden=\"true\" style=\"font-size:25px;\"><\/i>FENSTER ZUM MEER<\/h4><\/a><\/li><\/ul><\/div><div class=\"tab-pane fade fusion-clearfix\" role=\"tabpanel\" tabindex=\"0\" aria-labelledby=\"fusion-tab-fen\u00catressurmer\" id=\"tab-2f113efee76049fc410\">\n<h2 align=\"justify\">FENSTER ZUM MEER<\/h2>\n<p><img decoding=\"async\" class=\"size-medium wp-image-3089 alignright\" src=\"https:\/\/www.ste-marguerite-sur-mer.fr\/wp-content\/uploads\/2018\/10\/FSM-MONTAGE-FR-EN-300x240.jpg\" alt=\"\" width=\"300\" height=\"240\" srcset=\"https:\/\/www.ste-marguerite-sur-mer.fr\/wp-content\/uploads\/2018\/10\/FSM-MONTAGE-FR-EN-177x142.jpg 177w, https:\/\/www.ste-marguerite-sur-mer.fr\/wp-content\/uploads\/2018\/10\/FSM-MONTAGE-FR-EN-200x160.jpg 200w, https:\/\/www.ste-marguerite-sur-mer.fr\/wp-content\/uploads\/2018\/10\/FSM-MONTAGE-FR-EN-300x240.jpg 300w, https:\/\/www.ste-marguerite-sur-mer.fr\/wp-content\/uploads\/2018\/10\/FSM-MONTAGE-FR-EN-400x320.jpg 400w, https:\/\/www.ste-marguerite-sur-mer.fr\/wp-content\/uploads\/2018\/10\/FSM-MONTAGE-FR-EN-600x480.jpg 600w, https:\/\/www.ste-marguerite-sur-mer.fr\/wp-content\/uploads\/2018\/10\/FSM-MONTAGE-FR-EN-768x614.jpg 768w, https:\/\/www.ste-marguerite-sur-mer.fr\/wp-content\/uploads\/2018\/10\/FSM-MONTAGE-FR-EN-800x640.jpg 800w, https:\/\/www.ste-marguerite-sur-mer.fr\/wp-content\/uploads\/2018\/10\/FSM-MONTAGE-FR-EN.jpg 945w\" sizes=\"(max-width: 300px) 100vw, 300px\" \/><\/p>\n<p>Fen\u00eatres sur mer bietet 3 G\u00e4stezimmer mit SPA und Sauna. Hochwertige Leistung mit Blick auf die Bucht.<\/p>\n<p><strong>Tel<\/strong> :\u00a0(+33) 0 235 40 32 48<\/p>\n<p><strong>Website<\/strong> : http:\/\/fenetres-sur-mer.com\/<\/p>\n<\/div><div class=\"nav fusion-mobile-tab-nav\"><ul class=\"nav-tabs\" role=\"tablist\"><li role=\"presentation\"><a class=\"tab-link\" data-toggle=\"tab\" role=\"tab\" aria-controls=\"tab-06ea0f3c237888a6f0c\" aria-selected=\"false\" tabindex=\"-1\" id=\"mobile-fusion-tab-lesg\u00eetesd&#039;emilie\" href=\"#tab-06ea0f3c237888a6f0c\"><h4 class=\"fusion-tab-heading\"><i class=\"fontawesome-icon fa fa-female\" aria-hidden=\"true\" style=\"font-size:25px;\"><\/i>Les G\u00eetes d'Emilie<\/h4><\/a><\/li><\/ul><\/div><div class=\"tab-pane fade fusion-clearfix\" role=\"tabpanel\" tabindex=\"0\" aria-labelledby=\"fusion-tab-lesg\u00eetesd&#039;emilie\" id=\"tab-06ea0f3c237888a6f0c\">\n<h2 align=\"justify\">Les G\u00eetes d'Emilie<\/h2>\n<p>Gro\u00dfe Auswahl an Ferienh\u00e4usern zwischen Ste Marguerite sur mer und Dieppe.<\/p>\n<p><strong>Tel<\/strong> :\u00a0+33 (0)6 33 68 32 13<\/p>\n<p><strong>Website<\/strong> : http:\/\/gites-dieppe-varengeville.com\/<\/p>\n<\/div><div class=\"nav fusion-mobile-tab-nav\"><ul class=\"nav-tabs\" role=\"tablist\"><li role=\"presentation\"><a class=\"tab-link\" data-toggle=\"tab\" role=\"tab\" aria-controls=\"tab-aa2ae7dbf0eff50dd0d\" aria-selected=\"false\" tabindex=\"-1\" id=\"mobile-fusion-tab-lelodgedubayou\" href=\"#tab-aa2ae7dbf0eff50dd0d\"><h4 class=\"fusion-tab-heading\"><i class=\"fontawesome-icon fa-home fas\" aria-hidden=\"true\" style=\"font-size:25px;\"><\/i>Die Bayou-Lodge<\/h4><\/a><\/li><\/ul><\/div><div class=\"tab-pane fade fusion-clearfix\" role=\"tabpanel\" tabindex=\"0\" aria-labelledby=\"fusion-tab-lelodgedubayou\" id=\"tab-aa2ae7dbf0eff50dd0d\">\n<p><img decoding=\"async\" class=\"wp-image-3096 alignleft\" src=\"https:\/\/www.ste-marguerite-sur-mer.fr\/wp-content\/uploads\/2018\/10\/0-300x225.jpg\" alt=\"\" width=\"230\" height=\"173\" srcset=\"https:\/\/www.ste-marguerite-sur-mer.fr\/wp-content\/uploads\/2018\/10\/0-200x150.jpg 200w, https:\/\/www.ste-marguerite-sur-mer.fr\/wp-content\/uploads\/2018\/10\/0-300x225.jpg 300w, https:\/\/www.ste-marguerite-sur-mer.fr\/wp-content\/uploads\/2018\/10\/0-400x300.jpg 400w, https:\/\/www.ste-marguerite-sur-mer.fr\/wp-content\/uploads\/2018\/10\/0-600x450.jpg 600w, https:\/\/www.ste-marguerite-sur-mer.fr\/wp-content\/uploads\/2018\/10\/0.jpg 640w\" sizes=\"(max-width: 230px) 100vw, 230px\" \/><\/p>\n<p><strong>L<\/strong><span style=\"font-weight: 400;\"><strong>e Bayou Lodge<\/strong> : Naturliebhaber, dieses kleine Holzhaus liegt am Rande des Bois de l'Ailly und des<\/span><\/p>\n<p><span style=\"font-weight: 400;\">\u00a0GR 21, der die Str\u00e4nde von Sainte-Marguerite Quiberville sowie das Tal von Vasterival verbindet. Der umz\u00e4unte Garten - unter hundertj\u00e4hrigen B\u00e4umen und Pflanzen aus der Region, Rhododendren, Hortensien... - wird Sie verzaubern. Die sehr gut ausgestattete Lodge bietet Platz f\u00fcr 2 Personen.<\/span><\/p>\n<p><span style=\"font-weight: 400;\">Kontakt: Catherine Cornillot<\/span><\/p>\n<p><span style=\"font-weight: 400;\">Tel. 06 09 81 91 61\u00a0<\/span><\/p>\n<p><span style=\"font-weight: 400;\">E-Mail: <\/span><a href=\"mailto:catherinecornillot@orange.fr\"><span style=\"font-weight: 400;\">catherinecornillot@orange.fr<\/span><\/a><\/p>\n<p><span style=\"font-weight: 400;\">Website : <\/span><span style=\"font-weight: 400;\"><a href=\"http:\/\/www.gites-normandie-76.com\/\">www.gites-normandie-76.com<\/a><\/span><\/p>\n<p><span style=\"font-weight: 400;\">\u00a0\u00a0\"\u00a0<\/span><\/p>\n<p><img decoding=\"async\" class=\"wp-image-3217 alignleft\" src=\"https:\/\/www.ste-marguerite-sur-mer.fr\/wp-content\/uploads\/2019\/05\/IMG_20190421_093848_resized_20190430_081843145-300x271.jpeg\" alt=\"\" width=\"194\" height=\"175\" srcset=\"https:\/\/www.ste-marguerite-sur-mer.fr\/wp-content\/uploads\/2019\/05\/IMG_20190421_093848_resized_20190430_081843145-200x181.jpeg 200w, https:\/\/www.ste-marguerite-sur-mer.fr\/wp-content\/uploads\/2019\/05\/IMG_20190421_093848_resized_20190430_081843145-300x271.jpeg 300w, https:\/\/www.ste-marguerite-sur-mer.fr\/wp-content\/uploads\/2019\/05\/IMG_20190421_093848_resized_20190430_081843145-400x361.jpeg 400w, https:\/\/www.ste-marguerite-sur-mer.fr\/wp-content\/uploads\/2019\/05\/IMG_20190421_093848_resized_20190430_081843145-600x542.jpeg 600w, https:\/\/www.ste-marguerite-sur-mer.fr\/wp-content\/uploads\/2019\/05\/IMG_20190421_093848_resized_20190430_081843145-768x694.jpeg 768w, https:\/\/www.ste-marguerite-sur-mer.fr\/wp-content\/uploads\/2019\/05\/IMG_20190421_093848_resized_20190430_081843145-800x722.jpeg 800w, https:\/\/www.ste-marguerite-sur-mer.fr\/wp-content\/uploads\/2019\/05\/IMG_20190421_093848_resized_20190430_081843145-1024x925.jpeg 1024w, https:\/\/www.ste-marguerite-sur-mer.fr\/wp-content\/uploads\/2019\/05\/IMG_20190421_093848_resized_20190430_081843145.jpeg 1063w\" sizes=\"(max-width: 194px) 100vw, 194px\" \/><\/p>\n<p><img decoding=\"async\" class=\"wp-image-3218 alignleft\" src=\"https:\/\/www.ste-marguerite-sur-mer.fr\/wp-content\/uploads\/2019\/05\/IMG_20190430_075418_resized_20190430_081259600-300x224.jpeg\" alt=\"\" width=\"237\" height=\"177\" srcset=\"https:\/\/www.ste-marguerite-sur-mer.fr\/wp-content\/uploads\/2019\/05\/IMG_20190430_075418_resized_20190430_081259600-200x149.jpeg 200w, https:\/\/www.ste-marguerite-sur-mer.fr\/wp-content\/uploads\/2019\/05\/IMG_20190430_075418_resized_20190430_081259600-300x224.jpeg 300w, https:\/\/www.ste-marguerite-sur-mer.fr\/wp-content\/uploads\/2019\/05\/IMG_20190430_075418_resized_20190430_081259600-400x299.jpeg 400w, https:\/\/www.ste-marguerite-sur-mer.fr\/wp-content\/uploads\/2019\/05\/IMG_20190430_075418_resized_20190430_081259600-600x448.jpeg 600w, https:\/\/www.ste-marguerite-sur-mer.fr\/wp-content\/uploads\/2019\/05\/IMG_20190430_075418_resized_20190430_081259600-768x574.jpeg 768w, https:\/\/www.ste-marguerite-sur-mer.fr\/wp-content\/uploads\/2019\/05\/IMG_20190430_075418_resized_20190430_081259600-800x598.jpeg 800w, https:\/\/www.ste-marguerite-sur-mer.fr\/wp-content\/uploads\/2019\/05\/IMG_20190430_075418_resized_20190430_081259600-1024x765.jpeg 1024w, https:\/\/www.ste-marguerite-sur-mer.fr\/wp-content\/uploads\/2019\/05\/IMG_20190430_075418_resized_20190430_081259600-1200x896.jpeg 1200w, https:\/\/www.ste-marguerite-sur-mer.fr\/wp-content\/uploads\/2019\/05\/IMG_20190430_075418_resized_20190430_081259600.jpeg 1280w\" sizes=\"(max-width: 237px) 100vw, 237px\" \/><\/p>\n<\/div><\/div><\/div><div class=\"fusion-clearfix\"><\/div><\/div><\/div><\/div><\/div><\/p>","protected":false},"excerpt":{"rendered":"","protected":false},"author":1,"featured_media":0,"parent":0,"menu_order":0,"comment_status":"closed","ping_status":"closed","template":"","meta":{"footnotes":""},"class_list":["post-2241","page","type-page","status-publish","hentry"],"yoast_head":"<!-- This site is optimized with the Yoast SEO plugin v25.3 - https:\/\/yoast.com\/wordpress\/plugins\/seo\/ -->\n<title>H\u00e9bergements - Mairie de Sainte-Marguerite Sur Mer<\/title>\n<meta name=\"robots\" content=\"index, follow, max-snippet:-1, max-image-preview:large, max-video-preview:-1\" \/>\n<link rel=\"canonical\" href=\"https:\/\/www.ste-marguerite-sur-mer.fr\/de\/hebergements\/\" \/>\n<meta property=\"og:locale\" content=\"de_DE\" \/>\n<meta property=\"og:type\" content=\"article\" \/>\n<meta property=\"og:title\" content=\"H\u00e9bergements - Mairie de Sainte-Marguerite Sur Mer\" \/>\n<meta property=\"og:url\" content=\"https:\/\/www.ste-marguerite-sur-mer.fr\/de\/hebergements\/\" \/>\n<meta property=\"og:site_name\" content=\"Mairie de Sainte-Marguerite Sur Mer\" \/>\n<meta property=\"article:modified_time\" content=\"2025-04-21T09:43:56+00:00\" \/>\n<meta property=\"og:image\" content=\"https:\/\/www.ste-marguerite-sur-mer.fr\/wp-content\/uploads\/2018\/04\/window-2808352_960_720-1.jpg\" \/>\n<meta name=\"twitter:card\" content=\"summary_large_image\" \/>\n<meta name=\"twitter:label1\" content=\"Gesch\u00e4tzte Lesezeit\" \/>\n\t<meta name=\"twitter:data1\" content=\"5\u00a0Minuten\" \/>\n<script type=\"application\/ld+json\" class=\"yoast-schema-graph\">{\"@context\":\"https:\/\/schema.org\",\"@graph\":[{\"@type\":\"WebPage\",\"@id\":\"https:\/\/www.ste-marguerite-sur-mer.fr\/hebergements\/\",\"url\":\"https:\/\/www.ste-marguerite-sur-mer.fr\/hebergements\/\",\"name\":\"H\u00e9bergements - Mairie de Sainte-Marguerite Sur Mer\",\"isPartOf\":{\"@id\":\"https:\/\/www.ste-marguerite-sur-mer.fr\/#website\"},\"primaryImageOfPage\":{\"@id\":\"https:\/\/www.ste-marguerite-sur-mer.fr\/hebergements\/#primaryimage\"},\"image\":{\"@id\":\"https:\/\/www.ste-marguerite-sur-mer.fr\/hebergements\/#primaryimage\"},\"thumbnailUrl\":\"https:\/\/www.ste-marguerite-sur-mer.fr\/wp-content\/uploads\/2018\/04\/window-2808352_960_720-1.jpg\",\"datePublished\":\"2018-04-23T07:51:54+00:00\",\"dateModified\":\"2025-04-21T09:43:56+00:00\",\"breadcrumb\":{\"@id\":\"https:\/\/www.ste-marguerite-sur-mer.fr\/hebergements\/#breadcrumb\"},\"inLanguage\":\"de\",\"potentialAction\":[{\"@type\":\"ReadAction\",\"target\":[\"https:\/\/www.ste-marguerite-sur-mer.fr\/hebergements\/\"]}]},{\"@type\":\"ImageObject\",\"inLanguage\":\"de\",\"@id\":\"https:\/\/www.ste-marguerite-sur-mer.fr\/hebergements\/#primaryimage\",\"url\":\"https:\/\/www.ste-marguerite-sur-mer.fr\/wp-content\/uploads\/2018\/04\/window-2808352_960_720-1.jpg\",\"contentUrl\":\"https:\/\/www.ste-marguerite-sur-mer.fr\/wp-content\/uploads\/2018\/04\/window-2808352_960_720-1.jpg\"},{\"@type\":\"BreadcrumbList\",\"@id\":\"https:\/\/www.ste-marguerite-sur-mer.fr\/hebergements\/#breadcrumb\",\"itemListElement\":[{\"@type\":\"ListItem\",\"position\":1,\"name\":\"Accueil\",\"item\":\"https:\/\/www.ste-marguerite-sur-mer.fr\/\"},{\"@type\":\"ListItem\",\"position\":2,\"name\":\"H\u00e9bergements\"}]},{\"@type\":\"WebSite\",\"@id\":\"https:\/\/www.ste-marguerite-sur-mer.fr\/#website\",\"url\":\"https:\/\/www.ste-marguerite-sur-mer.fr\/\",\"name\":\"Mairie de Sainte-Marguerite Sur Mer\",\"description\":\"commune de normandie\",\"potentialAction\":[{\"@type\":\"SearchAction\",\"target\":{\"@type\":\"EntryPoint\",\"urlTemplate\":\"https:\/\/www.ste-marguerite-sur-mer.fr\/?s={search_term_string}\"},\"query-input\":{\"@type\":\"PropertyValueSpecification\",\"valueRequired\":true,\"valueName\":\"search_term_string\"}}],\"inLanguage\":\"de\"}]}<\/script>\n<!-- \/ Yoast SEO plugin. -->","yoast_head_json":{"title":"H\u00e9bergements - Mairie de Sainte-Marguerite Sur Mer","robots":{"index":"index","follow":"follow","max-snippet":"max-snippet:-1","max-image-preview":"max-image-preview:large","max-video-preview":"max-video-preview:-1"},"canonical":"https:\/\/www.ste-marguerite-sur-mer.fr\/de\/hebergements\/","og_locale":"de_DE","og_type":"article","og_title":"H\u00e9bergements - Mairie de Sainte-Marguerite Sur Mer","og_url":"https:\/\/www.ste-marguerite-sur-mer.fr\/de\/hebergements\/","og_site_name":"Mairie de Sainte-Marguerite Sur Mer","article_modified_time":"2025-04-21T09:43:56+00:00","og_image":[{"url":"https:\/\/www.ste-marguerite-sur-mer.fr\/wp-content\/uploads\/2018\/04\/window-2808352_960_720-1.jpg","type":"","width":"","height":""}],"twitter_card":"summary_large_image","twitter_misc":{"Gesch\u00e4tzte Lesezeit":"5\u00a0Minuten"},"schema":{"@context":"https:\/\/schema.org","@graph":[{"@type":"WebPage","@id":"https:\/\/www.ste-marguerite-sur-mer.fr\/hebergements\/","url":"https:\/\/www.ste-marguerite-sur-mer.fr\/hebergements\/","name":"H\u00e9bergements - Mairie de Sainte-Marguerite Sur Mer","isPartOf":{"@id":"https:\/\/www.ste-marguerite-sur-mer.fr\/#website"},"primaryImageOfPage":{"@id":"https:\/\/www.ste-marguerite-sur-mer.fr\/hebergements\/#primaryimage"},"image":{"@id":"https:\/\/www.ste-marguerite-sur-mer.fr\/hebergements\/#primaryimage"},"thumbnailUrl":"https:\/\/www.ste-marguerite-sur-mer.fr\/wp-content\/uploads\/2018\/04\/window-2808352_960_720-1.jpg","datePublished":"2018-04-23T07:51:54+00:00","dateModified":"2025-04-21T09:43:56+00:00","breadcrumb":{"@id":"https:\/\/www.ste-marguerite-sur-mer.fr\/hebergements\/#breadcrumb"},"inLanguage":"de","potentialAction":[{"@type":"ReadAction","target":["https:\/\/www.ste-marguerite-sur-mer.fr\/hebergements\/"]}]},{"@type":"ImageObject","inLanguage":"de","@id":"https:\/\/www.ste-marguerite-sur-mer.fr\/hebergements\/#primaryimage","url":"https:\/\/www.ste-marguerite-sur-mer.fr\/wp-content\/uploads\/2018\/04\/window-2808352_960_720-1.jpg","contentUrl":"https:\/\/www.ste-marguerite-sur-mer.fr\/wp-content\/uploads\/2018\/04\/window-2808352_960_720-1.jpg"},{"@type":"BreadcrumbList","@id":"https:\/\/www.ste-marguerite-sur-mer.fr\/hebergements\/#breadcrumb","itemListElement":[{"@type":"ListItem","position":1,"name":"Accueil","item":"https:\/\/www.ste-marguerite-sur-mer.fr\/"},{"@type":"ListItem","position":2,"name":"H\u00e9bergements"}]},{"@type":"WebSite","@id":"https:\/\/www.ste-marguerite-sur-mer.fr\/#website","url":"https:\/\/www.ste-marguerite-sur-mer.fr\/","name":"Mairie de Sainte-Marguerite Sur Mer","description":"commune de normandie","potentialAction":[{"@type":"SearchAction","target":{"@type":"EntryPoint","urlTemplate":"https:\/\/www.ste-marguerite-sur-mer.fr\/?s={search_term_string}"},"query-input":{"@type":"PropertyValueSpecification","valueRequired":true,"valueName":"search_term_string"}}],"inLanguage":"de"}]}},"_links":{"self":[{"href":"https:\/\/www.ste-marguerite-sur-mer.fr\/de\/wp-json\/wp\/v2\/pages\/2241","targetHints":{"allow":["GET"]}}],"collection":[{"href":"https:\/\/www.ste-marguerite-sur-mer.fr\/de\/wp-json\/wp\/v2\/pages"}],"about":[{"href":"https:\/\/www.ste-marguerite-sur-mer.fr\/de\/wp-json\/wp\/v2\/types\/page"}],"author":[{"embeddable":true,"href":"https:\/\/www.ste-marguerite-sur-mer.fr\/de\/wp-json\/wp\/v2\/users\/1"}],"replies":[{"embeddable":true,"href":"https:\/\/www.ste-marguerite-sur-mer.fr\/de\/wp-json\/wp\/v2\/comments?post=2241"}],"version-history":[{"count":14,"href":"https:\/\/www.ste-marguerite-sur-mer.fr\/de\/wp-json\/wp\/v2\/pages\/2241\/revisions"}],"predecessor-version":[{"id":4972,"href":"https:\/\/www.ste-marguerite-sur-mer.fr\/de\/wp-json\/wp\/v2\/pages\/2241\/revisions\/4972"}],"wp:attachment":[{"href":"https:\/\/www.ste-marguerite-sur-mer.fr\/de\/wp-json\/wp\/v2\/media?parent=2241"}],"curies":[{"name":"wp","href":"https:\/\/api.w.org\/{rel}","templated":true}]}}